{"id":121,"date":"2016-10-09T22:25:00","date_gmt":"2016-10-09T20:25:00","guid":{"rendered":"http:\/\/2lfactory.com\/?page_id=121"},"modified":"2023-05-29T17:35:40","modified_gmt":"2023-05-29T15:35:40","slug":"parcours","status":"publish","type":"page","link":"http:\/\/2lfactory.com\/index.php\/parcours\/","title":{"rendered":"parcours"},"content":{"rendered":"<h1><span style=\"color: #993300;\"><strong><img loading=\"lazy\" decoding=\"async\" class=\"wp-image-233 alignleft\" src=\"http:\/\/2lfactory.com\/wp-content\/uploads\/2016\/10\/autopo1-216x300.jpg\" alt=\"autopo1\" width=\"300\" height=\"417\" srcset=\"http:\/\/2lfactory.com\/wp-content\/uploads\/2016\/10\/autopo1-216x300.jpg 216w, http:\/\/2lfactory.com\/wp-content\/uploads\/2016\/10\/autopo1-300x417.jpg 300w, http:\/\/2lfactory.com\/wp-content\/uploads\/2016\/10\/autopo1-460x639.jpg 460w, http:\/\/2lfactory.com\/wp-content\/uploads\/2016\/10\/autopo1.jpg 539w\" sizes=\"auto, (max-width: 300px) 100vw, 300px\" \/><\/strong><\/span><\/h1>\n<h1><span style=\"color: #ffffff;\">-_<\/span><\/h1>\n<h1><span style=\"color: #ffffff;\">_<\/span><\/h1>\n<h1><span style=\"color: #ffffff;\">_<\/span><\/h1>\n<h1><span style=\"color: #ffffff;\">_<\/span><\/h1>\n<h1><span style=\"color: #ffffff;\">_<\/span><\/h1>\n<h1><span style=\"color: #ffffff;\">_____<\/span><\/h1>\n<h1><span style=\"color: #ffffff;\"><strong>&#8211;<\/strong><\/span><\/h1>\n<h1><span style=\"color: #800000;\"><strong><span style=\"color: #ffffff;\">&#8211;<\/span><br \/>\n<span style=\"color: #ffffff;\">&#8211;<\/span><br \/>\n<span style=\"color: #ffffff;\">_<\/span><br \/>\n<\/strong><\/span><span style=\"color: #800000;\"><strong>BRUNO LAVELLE<\/strong><\/span><\/h1>\n<p><span class=\"s1\">vit et travaille \u00e0 Strasbourg<br \/>\n<\/span><span style=\"text-decoration: underline; color: #800000;\"><a style=\"color: #800000;\" href=\"mailto:bruno.lavelle@orange.fr\"><span class=\"s1\">bruno.lavelle@orange.fr<\/span><\/a><\/span><\/p>\n<p class=\"p4\"><span class=\"s1\"><b><span style=\"color: #808080;\">\u00c9TUDES<\/span><br \/>\n<\/b><\/span><span class=\"s2\"><b>_<\/b><\/span><span class=\"s1\"> \u00c9cole Normale Sup\u00e9rieure de Cachan<br \/>\n<\/span><span class=\"s1\">_ Ma\u00eetrise d&rsquo;esth\u00e9tique<br \/>\n<\/span><span class=\"s2\"><b>_ <\/b><\/span><span class=\"s1\">agr\u00e9gation d\u2019arts plastiques<br \/>\n_ DEA Arts Visuels<\/span><\/p>\n<p class=\"p4\"><span class=\"s1\"><b><span style=\"color: #808080;\">ENSEIGNANT<\/span><br \/>\n<\/b><\/span><span class=\"s2\"><b>_ <\/b><\/span><span class=\"s1\">Dipl\u00f4me Sup\u00e9rieur d\u2019Arts Appliqu\u00e9s,\u00a0<\/span><span class=\"s1\">Lyc\u00e9e Le Corbusier, Illkirch-Graffenstaden<br \/>\n<\/span><\/p>\n<hr \/>\n<p class=\"p4\"><strong>EXPOSITIONS<\/strong><\/p>\n<hr \/>\n<p class=\"p4\"><span class=\"s1\">_ 2023 &gt; <em>L&rsquo;inconstance de Planck<\/em>, espace Nootoos, Saint-Pierre-le-Vieux, Strasbourg<\/span><\/p>\n<p><img loading=\"lazy\" decoding=\"async\" class=\"aligncenter size-full wp-image-1686\" src=\"http:\/\/2lfactory.com\/wp-content\/uploads\/2023\/05\/DSC_0001.jpg\" alt=\"\" width=\"1047\" height=\"546\" srcset=\"http:\/\/2lfactory.com\/wp-content\/uploads\/2023\/05\/DSC_0001.jpg 1047w, http:\/\/2lfactory.com\/wp-content\/uploads\/2023\/05\/DSC_0001-300x156.jpg 300w, http:\/\/2lfactory.com\/wp-content\/uploads\/2023\/05\/DSC_0001-1024x534.jpg 1024w, http:\/\/2lfactory.com\/wp-content\/uploads\/2023\/05\/DSC_0001-768x401.jpg 768w, http:\/\/2lfactory.com\/wp-content\/uploads\/2023\/05\/DSC_0001-460x240.jpg 460w\" sizes=\"auto, (max-width: 1047px) 100vw, 1047px\" \/><\/p>\n<p><img loading=\"lazy\" decoding=\"async\" class=\"aligncenter size-full wp-image-1687\" src=\"http:\/\/2lfactory.com\/wp-content\/uploads\/2023\/05\/DSC_0048.jpg\" alt=\"\" width=\"1047\" height=\"636\" srcset=\"http:\/\/2lfactory.com\/wp-content\/uploads\/2023\/05\/DSC_0048.jpg 1047w, http:\/\/2lfactory.com\/wp-content\/uploads\/2023\/05\/DSC_0048-300x182.jpg 300w, http:\/\/2lfactory.com\/wp-content\/uploads\/2023\/05\/DSC_0048-1024x622.jpg 1024w, http:\/\/2lfactory.com\/wp-content\/uploads\/2023\/05\/DSC_0048-768x467.jpg 768w, http:\/\/2lfactory.com\/wp-content\/uploads\/2023\/05\/DSC_0048-460x279.jpg 460w\" sizes=\"auto, (max-width: 1047px) 100vw, 1047px\" \/><\/p>\n<hr \/>\n<p class=\"p4\"><span class=\"s1\">_ 2015 &gt; <em>Le\u00e7ons de T\u00e9n\u00e8bres<\/em><i>, <\/i>Temple Neuf,\u00a0Strasbourg<\/span><\/p>\n<p class=\"p4\"><span class=\"s1\"><img loading=\"lazy\" decoding=\"async\" class=\"aligncenter wp-image-762 size-large\" src=\"http:\/\/2lfactory.com\/wp-content\/uploads\/2016\/10\/DSC_0006-2-1024x683.jpg\" alt=\"DSC_0006-2\" width=\"640\" height=\"427\" srcset=\"http:\/\/2lfactory.com\/wp-content\/uploads\/2016\/10\/DSC_0006-2-1024x683.jpg 1024w, http:\/\/2lfactory.com\/wp-content\/uploads\/2016\/10\/DSC_0006-2-300x200.jpg 300w, http:\/\/2lfactory.com\/wp-content\/uploads\/2016\/10\/DSC_0006-2-768x512.jpg 768w, http:\/\/2lfactory.com\/wp-content\/uploads\/2016\/10\/DSC_0006-2-460x307.jpg 460w, http:\/\/2lfactory.com\/wp-content\/uploads\/2016\/10\/DSC_0006-2.jpg 1600w\" sizes=\"auto, (max-width: 640px) 100vw, 640px\" \/><\/span><\/p>\n<hr \/>\n<p class=\"p4\"><span class=\"s1\"><br \/>\n_ 2014 &gt;\u00a0<i>Ma\u00eetres anciens, <\/i>Artoth\u00e8que de l\u2019ASCAP, Montb\u00e9liard<\/span><\/p>\n<p class=\"p4\"><img loading=\"lazy\" decoding=\"async\" class=\"wp-image-764 size-large aligncenter\" src=\"http:\/\/2lfactory.com\/wp-content\/uploads\/2016\/10\/Montb-ens2-1-1024x700.jpg\" alt=\"Montb-ens2\" width=\"640\" height=\"438\" srcset=\"http:\/\/2lfactory.com\/wp-content\/uploads\/2016\/10\/Montb-ens2-1-1024x700.jpg 1024w, http:\/\/2lfactory.com\/wp-content\/uploads\/2016\/10\/Montb-ens2-1-300x205.jpg 300w, http:\/\/2lfactory.com\/wp-content\/uploads\/2016\/10\/Montb-ens2-1-768x525.jpg 768w, http:\/\/2lfactory.com\/wp-content\/uploads\/2016\/10\/Montb-ens2-1-460x315.jpg 460w, http:\/\/2lfactory.com\/wp-content\/uploads\/2016\/10\/Montb-ens2-1.jpg 1600w\" sizes=\"auto, (max-width: 640px) 100vw, 640px\" \/><\/p>\n<p class=\"p4\"><img loading=\"lazy\" decoding=\"async\" class=\"aligncenter wp-image-767 size-large\" src=\"http:\/\/2lfactory.com\/wp-content\/uploads\/2016\/10\/Montbel-ens1-1024x698.jpg\" alt=\"Montbel-ens1\" width=\"640\" height=\"436\" srcset=\"http:\/\/2lfactory.com\/wp-content\/uploads\/2016\/10\/Montbel-ens1-1024x698.jpg 1024w, http:\/\/2lfactory.com\/wp-content\/uploads\/2016\/10\/Montbel-ens1-300x204.jpg 300w, http:\/\/2lfactory.com\/wp-content\/uploads\/2016\/10\/Montbel-ens1-768x523.jpg 768w, http:\/\/2lfactory.com\/wp-content\/uploads\/2016\/10\/Montbel-ens1-460x313.jpg 460w, http:\/\/2lfactory.com\/wp-content\/uploads\/2016\/10\/Montbel-ens1.jpg 1600w\" sizes=\"auto, (max-width: 640px) 100vw, 640px\" \/><\/p>\n<hr \/>\n<p><span class=\"s1\">_ 2008 &gt;\u00a0<i>Wunderkammer<\/i>, Maison de la Fontaine, Brest<\/span><\/p>\n<p><span class=\"s1\"><img loading=\"lazy\" decoding=\"async\" class=\"aligncenter wp-image-768 size-large\" src=\"http:\/\/2lfactory.com\/wp-content\/uploads\/2016\/10\/3skulls2-1024x577.jpg\" alt=\"3skulls2\" width=\"640\" height=\"361\" srcset=\"http:\/\/2lfactory.com\/wp-content\/uploads\/2016\/10\/3skulls2-1024x577.jpg 1024w, http:\/\/2lfactory.com\/wp-content\/uploads\/2016\/10\/3skulls2-300x169.jpg 300w, http:\/\/2lfactory.com\/wp-content\/uploads\/2016\/10\/3skulls2-768x432.jpg 768w, http:\/\/2lfactory.com\/wp-content\/uploads\/2016\/10\/3skulls2-460x259.jpg 460w, http:\/\/2lfactory.com\/wp-content\/uploads\/2016\/10\/3skulls2.jpg 1600w\" sizes=\"auto, (max-width: 640px) 100vw, 640px\" \/><\/span><\/p>\n<p><span class=\"s1\"><img loading=\"lazy\" decoding=\"async\" class=\"aligncenter wp-image-769 size-large\" src=\"http:\/\/2lfactory.com\/wp-content\/uploads\/2016\/10\/EgoSaroyMare2-1024x663.jpg\" alt=\"Ego,Saroy,Mare2\" width=\"640\" height=\"414\" srcset=\"http:\/\/2lfactory.com\/wp-content\/uploads\/2016\/10\/EgoSaroyMare2-1024x663.jpg 1024w, http:\/\/2lfactory.com\/wp-content\/uploads\/2016\/10\/EgoSaroyMare2-300x194.jpg 300w, http:\/\/2lfactory.com\/wp-content\/uploads\/2016\/10\/EgoSaroyMare2-768x497.jpg 768w, http:\/\/2lfactory.com\/wp-content\/uploads\/2016\/10\/EgoSaroyMare2-460x298.jpg 460w, http:\/\/2lfactory.com\/wp-content\/uploads\/2016\/10\/EgoSaroyMare2.jpg 1600w\" sizes=\"auto, (max-width: 640px) 100vw, 640px\" \/><\/span><\/p>\n<hr \/>\n<p><span class=\"s1\">_ 2007 &gt;\u00a0<i>Je suis artiste \u00e0 temps partiel<\/i>, La ville Andon, Pl\u00e9lo<\/span><\/p>\n<p><img loading=\"lazy\" decoding=\"async\" class=\"aligncenter wp-image-770 size-large\" src=\"http:\/\/2lfactory.com\/wp-content\/uploads\/2016\/10\/ple\u0301lo_haut_dark4-1024x665.jpg\" alt=\"ple\u0301lo_haut_dark4\" width=\"640\" height=\"416\" srcset=\"http:\/\/2lfactory.com\/wp-content\/uploads\/2016\/10\/ple\u0301lo_haut_dark4-1024x665.jpg 1024w, http:\/\/2lfactory.com\/wp-content\/uploads\/2016\/10\/ple\u0301lo_haut_dark4-300x195.jpg 300w, http:\/\/2lfactory.com\/wp-content\/uploads\/2016\/10\/ple\u0301lo_haut_dark4-768x499.jpg 768w, http:\/\/2lfactory.com\/wp-content\/uploads\/2016\/10\/ple\u0301lo_haut_dark4-460x299.jpg 460w, http:\/\/2lfactory.com\/wp-content\/uploads\/2016\/10\/ple\u0301lo_haut_dark4.jpg 1600w\" sizes=\"auto, (max-width: 640px) 100vw, 640px\" \/><\/p>\n<hr \/>\n<p><span class=\"s1\">_ 2006 &gt;\u00a0<i>Humeurs<\/i>, San Diego (US)<\/span><\/p>\n<hr \/>\n<p><span class=\"s1\">_ 2006 &gt; Galerie d\u2019Art\u2019bre, Arbre (B)<\/span><\/p>\n<hr \/>\n<p><span class=\"s1\">_ 2005 &gt;\u00a0<i>Treize artistes ram\u00e8nent leur fraise<\/i>, Pont-Scorff, Brest<\/span><\/p>\n<hr \/>\n<p><span class=\"s1\">_ 2004 &gt;\u00a0<i>Corps en Jeu<\/i>, L\u2019art chemin faisant, Pont-Scorff<\/span><\/p>\n<p><img loading=\"lazy\" decoding=\"async\" class=\"aligncenter size-full wp-image-775\" src=\"http:\/\/2lfactory.com\/wp-content\/uploads\/2016\/10\/DSCN0580.jpg\" alt=\"DSCN0580\" width=\"640\" height=\"418\" srcset=\"http:\/\/2lfactory.com\/wp-content\/uploads\/2016\/10\/DSCN0580.jpg 640w, http:\/\/2lfactory.com\/wp-content\/uploads\/2016\/10\/DSCN0580-300x196.jpg 300w, http:\/\/2lfactory.com\/wp-content\/uploads\/2016\/10\/DSCN0580-460x300.jpg 460w\" sizes=\"auto, (max-width: 640px) 100vw, 640px\" \/><img loading=\"lazy\" decoding=\"async\" class=\"aligncenter size-full wp-image-777\" src=\"http:\/\/2lfactory.com\/wp-content\/uploads\/2016\/10\/DSCN0574.jpg\" alt=\"DSCN0574\" width=\"640\" height=\"337\" srcset=\"http:\/\/2lfactory.com\/wp-content\/uploads\/2016\/10\/DSCN0574.jpg 640w, http:\/\/2lfactory.com\/wp-content\/uploads\/2016\/10\/DSCN0574-300x158.jpg 300w, http:\/\/2lfactory.com\/wp-content\/uploads\/2016\/10\/DSCN0574-460x242.jpg 460w\" sizes=\"auto, (max-width: 640px) 100vw, 640px\" \/><\/p>\n<hr \/>\n<p><span class=\"s1\">_<i>\u00a02003 &gt; Langages, L\u2019art chemin faisan<\/i>t, Pont-Scorff<br \/>\n<\/span><span class=\"s1\"><br \/>\n<i>_ 2003 &gt; L\u2019art pour 20 balles<\/i>, galerie Bains-douches de la Plaine, Marseille<\/span><\/p>\n<p><span class=\"s1\">_ 1998 &gt;\u00a0<i>B\u00eate comme un peintre<\/i>, Galerie Broglie, Strasbourg<br \/>\n<\/span><\/p>\n","protected":false},"excerpt":{"rendered":"<p>-_ _ _ _ _ _____ &#8211; &#8211; &#8211; _ BRUNO LAVELLE vit et travaille \u00e0 Strasbourg bruno.lavelle@orange.fr \u00c9TUDES _ \u00c9cole Normale Sup\u00e9rieure de Cachan _ Ma\u00eetrise d&rsquo;esth\u00e9tique _ agr\u00e9gation d\u2019arts plastiques _ DEA Arts Visuels ENSEIGNANT _ Dipl\u00f4me Sup\u00e9rieur d\u2019Arts Appliqu\u00e9s,\u00a0Lyc\u00e9e Le Corbusier, Illkirch-Graffenstaden EXPOSITIONS _ 2023 &gt; L&rsquo;inconstance de Planck, espace Nootoos, Saint-Pierre-le-Vieux, [&hellip;]<\/p>\n","protected":false},"author":1,"featured_media":643,"parent":0,"menu_order":0,"comment_status":"closed","ping_status":"closed","template":"","meta":{"footnotes":""},"class_list":["post-121","page","type-page","status-publish","has-post-thumbnail","hentry"],"_links":{"self":[{"href":"http:\/\/2lfactory.com\/index.php\/wp-json\/wp\/v2\/pages\/121","targetHints":{"allow":["GET"]}}],"collection":[{"href":"http:\/\/2lfactory.com\/index.php\/wp-json\/wp\/v2\/pages"}],"about":[{"href":"http:\/\/2lfactory.com\/index.php\/wp-json\/wp\/v2\/types\/page"}],"author":[{"embeddable":true,"href":"http:\/\/2lfactory.com\/index.php\/wp-json\/wp\/v2\/users\/1"}],"replies":[{"embeddable":true,"href":"http:\/\/2lfactory.com\/index.php\/wp-json\/wp\/v2\/comments?post=121"}],"version-history":[{"count":32,"href":"http:\/\/2lfactory.com\/index.php\/wp-json\/wp\/v2\/pages\/121\/revisions"}],"predecessor-version":[{"id":1688,"href":"http:\/\/2lfactory.com\/index.php\/wp-json\/wp\/v2\/pages\/121\/revisions\/1688"}],"wp:featuredmedia":[{"embeddable":true,"href":"http:\/\/2lfactory.com\/index.php\/wp-json\/wp\/v2\/media\/643"}],"wp:attachment":[{"href":"http:\/\/2lfactory.com\/index.php\/wp-json\/wp\/v2\/media?parent=121"}],"curies":[{"name":"wp","href":"https:\/\/api.w.org\/{rel}","templated":true}]}}